{"id":994,"date":"2021-07-24T14:58:42","date_gmt":"2021-07-24T13:58:42","guid":{"rendered":"https:\/\/impm-cm.org\/?page_id=994"},"modified":"2021-08-28T17:44:36","modified_gmt":"2021-08-28T16:44:36","slug":"organes-de-gestion-de-limpm","status":"publish","type":"page","link":"https:\/\/impm-cm.org\/index.php\/a-propos\/organes-de-gestion-de-limpm\/","title":{"rendered":"Organes de gestion"},"content":{"rendered":"\t\t<div data-elementor-type=\"wp-page\" data-elementor-id=\"994\" class=\"elementor elementor-994\">\n\t\t\t\t\t\t<section class=\"elementor-section elementor-top-section elementor-element elementor-element-0f29a83 elementor-section-full_width elementor-section-height-min-height elementor-section-items-bottom elementor-section-height-default exad-glass-effect-no exad-sticky-section-no\" data-id=\"0f29a83\" data-element_type=\"section\" data-e-type=\"section\" data-settings=\"{&quot;background_background&quot;:&quot;classic&quot;}\">\n\t\t\t\t\t\t<div class=\"elementor-container elementor-column-gap-default\">\n\t\t\t\t\t<div class=\"elementor-column elementor-col-100 elementor-top-column elementor-element elementor-element-649f6f8 exad-glass-effect-no exad-sticky-section-no\" data-id=\"649f6f8\" data-element_type=\"column\" data-e-type=\"column\">\n\t\t\t<div class=\"elementor-widget-wrap\">\n\t\t\t\t\t\t\t<\/div>\n\t\t<\/div>\n\t\t\t\t\t<\/div>\n\t\t<\/section>\n\t\t\t\t<section class=\"elementor-section elementor-top-section elementor-element elementor-element-2607dc9 elementor-section-boxed elementor-section-height-default elementor-section-height-default exad-glass-effect-no exad-sticky-section-no\" data-id=\"2607dc9\" data-element_type=\"section\" data-e-type=\"section\">\n\t\t\t\t\t\t<div class=\"elementor-container elementor-column-gap-default\">\n\t\t\t\t\t<div class=\"elementor-column elementor-col-100 elementor-top-column elementor-element elementor-element-b71c81e exad-glass-effect-no exad-sticky-section-no\" data-id=\"b71c81e\" data-element_type=\"column\" data-e-type=\"column\">\n\t\t\t<div class=\"elementor-widget-wrap elementor-element-populated\">\n\t\t\t\t\t\t<div class=\"elementor-element elementor-element-c812ccb exad-sticky-section-no exad-glass-effect-no elementor-widget elementor-widget-heading\" data-id=\"c812ccb\" data-element_type=\"widget\" data-e-type=\"widget\" data-widget_type=\"heading.default\">\n\t\t\t\t<div class=\"elementor-widget-container\">\n\t\t\t\t\t<h1 class=\"elementor-heading-title elementor-size-default\">Les organes de gestion<\/h1>\t\t\t\t<\/div>\n\t\t\t\t<\/div>\n\t\t\t\t\t<\/div>\n\t\t<\/div>\n\t\t\t\t\t<\/div>\n\t\t<\/section>\n\t\t\t\t<section class=\"elementor-section elementor-top-section elementor-element elementor-element-28399aa elementor-section-boxed elementor-section-height-default elementor-section-height-default exad-glass-effect-no exad-sticky-section-no\" data-id=\"28399aa\" data-element_type=\"section\" data-e-type=\"section\">\n\t\t\t\t\t\t<div class=\"elementor-container elementor-column-gap-default\">\n\t\t\t\t\t<div class=\"elementor-column elementor-col-100 elementor-top-column elementor-element elementor-element-fb3996e exad-glass-effect-no exad-sticky-section-no\" data-id=\"fb3996e\" data-element_type=\"column\" data-e-type=\"column\">\n\t\t\t<div class=\"elementor-widget-wrap elementor-element-populated\">\n\t\t\t\t\t\t<div class=\"elementor-element elementor-element-5219161 exad-sticky-section-no exad-glass-effect-no elementor-widget elementor-widget-text-editor\" data-id=\"5219161\" data-element_type=\"widget\" data-e-type=\"widget\" data-widget_type=\"text-editor.default\">\n\t\t\t\t<div class=\"elementor-widget-container\">\n\t\t\t\t\t\t\t\t\t\n<p class=\"has-text-align-justify\">Aux termes de l\u2019article 7 du d\u00e9cret n\u00b02019\/686 du 26 d\u00e9cembre 2019 portant r\u00e9organisation et fonctionnement de l\u2019Institut de recherches m\u00e9dicales et d\u2019\u00e9tudes des plantes m\u00e9dicinales, les organes de gestion de l\u2019IMPM sont\u00a0: le conseil d\u2019administration et la direction g\u00e9n\u00e9rale.<\/p>\n\n<div class=\"wp-block-buttons is-content-justification-center\"><\/div>\n<!-- \/wp:buttons -->\t\t\t\t\t\t\t\t<\/div>\n\t\t\t\t<\/div>\n\t\t\t\t\t<\/div>\n\t\t<\/div>\n\t\t\t\t\t<\/div>\n\t\t<\/section>\n\t\t\t\t<section class=\"elementor-section elementor-top-section elementor-element elementor-element-9e80d8a elementor-section-boxed elementor-section-height-default elementor-section-height-default exad-glass-effect-no exad-sticky-section-no\" data-id=\"9e80d8a\" data-element_type=\"section\" data-e-type=\"section\">\n\t\t\t\t\t\t<div class=\"elementor-container elementor-column-gap-default\">\n\t\t\t\t\t<div class=\"elementor-column elementor-col-50 elementor-top-column elementor-element elementor-element-121ef2f exad-glass-effect-no exad-sticky-section-no\" data-id=\"121ef2f\" data-element_type=\"column\" data-e-type=\"column\">\n\t\t\t<div class=\"elementor-widget-wrap elementor-element-populated\">\n\t\t\t\t\t\t<div class=\"elementor-element elementor-element-c615a09 exad-sticky-section-no exad-glass-effect-no elementor-widget elementor-widget-text-editor\" data-id=\"c615a09\" data-element_type=\"widget\" data-e-type=\"widget\" data-widget_type=\"text-editor.default\">\n\t\t\t\t<div class=\"elementor-widget-container\">\n\t\t\t\t\t\t\t\t\t<p><!-- wp:paragraph {\"align\":\"justify\"} --><!-- \/wp:paragraph --><!-- wp:heading --><\/p><h3>Le conseil d\u2019administration<\/h3><p><!-- \/wp:heading --><!-- wp:paragraph --><\/p><p>Il comprend douze (12) membres dont\u00a0:<\/p><p><!-- \/wp:paragraph --><!-- wp:list --><\/p><ul><li>un (01) pr\u00e9sident, personnalit\u00e9 nomm\u00e9e par d\u00e9cret du pr\u00e9sident de la R\u00e9publique ;<\/li><li>un (01) repr\u00e9sentant de la pr\u00e9sidence de la R\u00e9publique ;<\/li><li>un (01) repr\u00e9sentant des services du Premier ministre ;<\/li><li>un (01) repr\u00e9sentant du minist\u00e8re en charge de la recherche scientifique ;<\/li><li>un (01) repr\u00e9sentant du minist\u00e8re en charge des finances ;<\/li><li>un (01) repr\u00e9sentant du minist\u00e8re en charge de la sant\u00e9 publique ;<\/li><li>un (01) repr\u00e9sentant du minist\u00e8re en charge de l\u2019\u00e9conomie ;<\/li><li>un (01) repr\u00e9sentant du minist\u00e8re en charge des for\u00eats et de la faune\u00a0;<\/li><li>un (01) repr\u00e9sentant du minist\u00e8re en charge de l\u2019\u00e9levage, des p\u00eaches et des industries animales ;<\/li><li>le doyen de la facult\u00e9 de m\u00e9decine et des sciences biom\u00e9dicales de l\u2019Universit\u00e9 de Yaound\u00e9 I\u00a0;<\/li><li>the Dean of Faculty of Health Sciences, University of Buea \u00a0;<\/li><li>un (01) repr\u00e9sentant du personnel \u00e9lu par ses pairs.<\/li><\/ul><p><!-- \/wp:list --><!-- wp:heading --><!-- \/wp:list --><!-- wp:paragraph {\"align\":\"center\"} --><\/p><div class=\"wp-block-buttons is-content-justification-center\"><!-- \/wp:button --><\/div><p><!-- \/wp:buttons --><\/p>\t\t\t\t\t\t\t\t<\/div>\n\t\t\t\t<\/div>\n\t\t\t\t\t<\/div>\n\t\t<\/div>\n\t\t\t\t<div class=\"elementor-column elementor-col-50 elementor-top-column elementor-element elementor-element-de1e2a1 exad-glass-effect-no exad-sticky-section-no\" data-id=\"de1e2a1\" data-element_type=\"column\" data-e-type=\"column\">\n\t\t\t<div class=\"elementor-widget-wrap elementor-element-populated\">\n\t\t\t\t\t\t<div class=\"elementor-element elementor-element-ee74b1e elementor-position-top exad-sticky-section-no exad-glass-effect-no elementor-widget elementor-widget-image-box\" data-id=\"ee74b1e\" data-element_type=\"widget\" data-e-type=\"widget\" data-widget_type=\"image-box.default\">\n\t\t\t\t<div class=\"elementor-widget-container\">\n\t\t\t\t\t<div class=\"elementor-image-box-wrapper\"><figure class=\"elementor-image-box-img\"><img fetchpriority=\"high\" decoding=\"async\" width=\"600\" height=\"625\" src=\"https:\/\/impm-cm.org\/wp-content\/uploads\/2021\/07\/Pr_Rose_GANA_LEKE_FOMBAN_PCA-IMPM.jpg\" class=\"attachment-full size-full wp-image-142\" alt=\"\" srcset=\"https:\/\/impm-cm.org\/wp-content\/uploads\/2021\/07\/Pr_Rose_GANA_LEKE_FOMBAN_PCA-IMPM.jpg 600w, https:\/\/impm-cm.org\/wp-content\/uploads\/2021\/07\/Pr_Rose_GANA_LEKE_FOMBAN_PCA-IMPM-288x300.jpg 288w\" sizes=\"(max-width: 600px) 100vw, 600px\" \/><\/figure><div class=\"elementor-image-box-content\"><h6 class=\"elementor-image-box-title\">Pr. Rose GANA FOMBAN \u00e9pse LEKE<\/h6><p class=\"elementor-image-box-description\">Pr\u00e9sidente du conseil d'administration de l'IMPM<\/p><\/div><\/div>\t\t\t\t<\/div>\n\t\t\t\t<\/div>\n\t\t\t\t<div class=\"elementor-element elementor-element-6359e10 elementor-widget-divider--view-line exad-sticky-section-no exad-glass-effect-no elementor-widget elementor-widget-divider\" data-id=\"6359e10\" data-element_type=\"widget\" data-e-type=\"widget\" data-widget_type=\"divider.default\">\n\t\t\t\t<div class=\"elementor-widget-container\">\n\t\t\t\t\t\t\t<div class=\"elementor-divider\">\n\t\t\t<span class=\"elementor-divider-separator\">\n\t\t\t\t\t\t<\/span>\n\t\t<\/div>\n\t\t\t\t\t\t<\/div>\n\t\t\t\t<\/div>\n\t\t\t\t<div class=\"elementor-element elementor-element-99124d5 elementor-icon-list--layout-traditional elementor-list-item-link-full_width exad-sticky-section-no exad-glass-effect-no elementor-widget elementor-widget-icon-list\" data-id=\"99124d5\" data-element_type=\"widget\" data-e-type=\"widget\" data-widget_type=\"icon-list.default\">\n\t\t\t\t<div class=\"elementor-widget-container\">\n\t\t\t\t\t\t\t<ul class=\"elementor-icon-list-items\">\n\t\t\t\t\t\t\t<li class=\"elementor-icon-list-item\">\n\t\t\t\t\t\t\t\t\t\t\t<span class=\"elementor-icon-list-icon\">\n\t\t\t\t\t\t\t<svg aria-hidden=\"true\" class=\"e-font-icon-svg e-fas-arrow-alt-circle-right\" viewBox=\"0 0 512 512\" xmlns=\"http:\/\/www.w3.org\/2000\/svg\"><path d=\"M256 8c137 0 248 111 248 248S393 504 256 504 8 393 8 256 119 8 256 8zM140 300h116v70.9c0 10.7 13 16.1 20.5 8.5l114.3-114.9c4.7-4.7 4.7-12.2 0-16.9l-114.3-115c-7.6-7.6-20.5-2.2-20.5 8.5V212H140c-6.6 0-12 5.4-12 12v64c0 6.6 5.4 12 12 12z\"><\/path><\/svg>\t\t\t\t\t\t<\/span>\n\t\t\t\t\t\t\t\t\t\t<span class=\"elementor-icon-list-text\">Voir les membres du conseil d'administration de l'IMPM<\/span>\n\t\t\t\t\t\t\t\t\t<\/li>\n\t\t\t\t\t\t<\/ul>\n\t\t\t\t\t\t<\/div>\n\t\t\t\t<\/div>\n\t\t\t\t<div class=\"elementor-element elementor-element-66768be elementor-widget-divider--view-line exad-sticky-section-no exad-glass-effect-no elementor-widget elementor-widget-divider\" data-id=\"66768be\" data-element_type=\"widget\" data-e-type=\"widget\" data-widget_type=\"divider.default\">\n\t\t\t\t<div class=\"elementor-widget-container\">\n\t\t\t\t\t\t\t<div class=\"elementor-divider\">\n\t\t\t<span class=\"elementor-divider-separator\">\n\t\t\t\t\t\t<\/span>\n\t\t<\/div>\n\t\t\t\t\t\t<\/div>\n\t\t\t\t<\/div>\n\t\t\t\t\t<\/div>\n\t\t<\/div>\n\t\t\t\t\t<\/div>\n\t\t<\/section>\n\t\t\t\t<section class=\"elementor-section elementor-top-section elementor-element elementor-element-1d0b88f elementor-section-boxed elementor-section-height-default elementor-section-height-default exad-glass-effect-no exad-sticky-section-no\" data-id=\"1d0b88f\" data-element_type=\"section\" data-e-type=\"section\">\n\t\t\t\t\t\t<div class=\"elementor-container elementor-column-gap-default\">\n\t\t\t\t\t<div class=\"elementor-column elementor-col-100 elementor-top-column elementor-element elementor-element-e201f06 exad-glass-effect-no exad-sticky-section-no\" data-id=\"e201f06\" data-element_type=\"column\" data-e-type=\"column\">\n\t\t\t<div class=\"elementor-widget-wrap elementor-element-populated\">\n\t\t\t\t\t\t<div class=\"elementor-element elementor-element-ed5e242 exad-sticky-section-no exad-glass-effect-no elementor-widget elementor-widget-text-editor\" data-id=\"ed5e242\" data-element_type=\"widget\" data-e-type=\"widget\" data-widget_type=\"text-editor.default\">\n\t\t\t\t<div class=\"elementor-widget-container\">\n\t\t\t\t\t\t\t\t\t<p><span class=\"has-inline-color has-vivid-cyan-blue-color\">T\u00e9l\u00e9charger le d\u00e9cret n\u00b02019\/686 du 26 d\u00e9cembre 2019 portant r\u00e9organisation et fonctionnement de l&rsquo;IMPM<\/span><\/p>\t\t\t\t\t\t\t\t<\/div>\n\t\t\t\t<\/div>\n\t\t\t\t<section class=\"elementor-section elementor-inner-section elementor-element elementor-element-11f6b63 elementor-section-boxed elementor-section-height-default elementor-section-height-default exad-glass-effect-no exad-sticky-section-no\" data-id=\"11f6b63\" data-element_type=\"section\" data-e-type=\"section\">\n\t\t\t\t\t\t<div class=\"elementor-container elementor-column-gap-default\">\n\t\t\t\t\t<div class=\"elementor-column elementor-col-50 elementor-inner-column elementor-element elementor-element-f5beae1 exad-glass-effect-no exad-sticky-section-no\" data-id=\"f5beae1\" data-element_type=\"column\" data-e-type=\"column\">\n\t\t\t<div class=\"elementor-widget-wrap elementor-element-populated\">\n\t\t\t\t\t\t<div class=\"elementor-element elementor-element-06fad5c elementor-align-right exad-sticky-section-no exad-glass-effect-no elementor-widget elementor-widget-button\" data-id=\"06fad5c\" data-element_type=\"widget\" data-e-type=\"widget\" data-widget_type=\"button.default\">\n\t\t\t\t<div class=\"elementor-widget-container\">\n\t\t\t\t\t\t\t\t\t<div class=\"elementor-button-wrapper\">\n\t\t\t\t\t<a class=\"elementor-button elementor-button-link elementor-size-sm\" href=\"https:\/\/impm-cm.org\/wp-content\/uploads\/2021\/06\/decret_2019-686-reorganisation-impm.pdf\" target=\"_blank\">\n\t\t\t\t\t\t<span class=\"elementor-button-content-wrapper\">\n\t\t\t\t\t\t<span class=\"elementor-button-icon\">\n\t\t\t\t<svg aria-hidden=\"true\" class=\"e-font-icon-svg e-fas-download\" viewBox=\"0 0 512 512\" xmlns=\"http:\/\/www.w3.org\/2000\/svg\"><path d=\"M216 0h80c13.3 0 24 10.7 24 24v168h87.7c17.8 0 26.7 21.5 14.1 34.1L269.7 378.3c-7.5 7.5-19.8 7.5-27.3 0L90.1 226.1c-12.6-12.6-3.7-34.1 14.1-34.1H192V24c0-13.3 10.7-24 24-24zm296 376v112c0 13.3-10.7 24-24 24H24c-13.3 0-24-10.7-24-24V376c0-13.3 10.7-24 24-24h146.7l49 49c20.1 20.1 52.5 20.1 72.6 0l49-49H488c13.3 0 24 10.7 24 24zm-124 88c0-11-9-20-20-20s-20 9-20 20 9 20 20 20 20-9 20-20zm64 0c0-11-9-20-20-20s-20 9-20 20 9 20 20 20 20-9 20-20z\"><\/path><\/svg>\t\t\t<\/span>\n\t\t\t\t\t\t\t\t\t<span class=\"elementor-button-text\">Version fran\u00e7aise (FR)<\/span>\n\t\t\t\t\t<\/span>\n\t\t\t\t\t<\/a>\n\t\t\t\t<\/div>\n\t\t\t\t\t\t\t\t<\/div>\n\t\t\t\t<\/div>\n\t\t\t\t\t<\/div>\n\t\t<\/div>\n\t\t\t\t<div class=\"elementor-column elementor-col-50 elementor-inner-column elementor-element elementor-element-dfe9f85 exad-glass-effect-no exad-sticky-section-no\" data-id=\"dfe9f85\" data-element_type=\"column\" data-e-type=\"column\">\n\t\t\t<div class=\"elementor-widget-wrap elementor-element-populated\">\n\t\t\t\t\t\t<div class=\"elementor-element elementor-element-6e4e736 elementor-align-left exad-sticky-section-no exad-glass-effect-no elementor-widget elementor-widget-button\" data-id=\"6e4e736\" data-element_type=\"widget\" data-e-type=\"widget\" data-widget_type=\"button.default\">\n\t\t\t\t<div class=\"elementor-widget-container\">\n\t\t\t\t\t\t\t\t\t<div class=\"elementor-button-wrapper\">\n\t\t\t\t\t<a class=\"elementor-button elementor-button-link elementor-size-sm\" href=\"https:\/\/impm-cm.org\/wp-content\/uploads\/2021\/07\/decree_EN_2019-686-reorganizing-impm.pdf\" target=\"_blank\">\n\t\t\t\t\t\t<span class=\"elementor-button-content-wrapper\">\n\t\t\t\t\t\t<span class=\"elementor-button-icon\">\n\t\t\t\t<svg aria-hidden=\"true\" class=\"e-font-icon-svg e-fas-download\" viewBox=\"0 0 512 512\" xmlns=\"http:\/\/www.w3.org\/2000\/svg\"><path d=\"M216 0h80c13.3 0 24 10.7 24 24v168h87.7c17.8 0 26.7 21.5 14.1 34.1L269.7 378.3c-7.5 7.5-19.8 7.5-27.3 0L90.1 226.1c-12.6-12.6-3.7-34.1 14.1-34.1H192V24c0-13.3 10.7-24 24-24zm296 376v112c0 13.3-10.7 24-24 24H24c-13.3 0-24-10.7-24-24V376c0-13.3 10.7-24 24-24h146.7l49 49c20.1 20.1 52.5 20.1 72.6 0l49-49H488c13.3 0 24 10.7 24 24zm-124 88c0-11-9-20-20-20s-20 9-20 20 9 20 20 20 20-9 20-20zm64 0c0-11-9-20-20-20s-20 9-20 20 9 20 20 20 20-9 20-20z\"><\/path><\/svg>\t\t\t<\/span>\n\t\t\t\t\t\t\t\t\t<span class=\"elementor-button-text\">Version anglaise (EN)<\/span>\n\t\t\t\t\t<\/span>\n\t\t\t\t\t<\/a>\n\t\t\t\t<\/div>\n\t\t\t\t\t\t\t\t<\/div>\n\t\t\t\t<\/div>\n\t\t\t\t\t<\/div>\n\t\t<\/div>\n\t\t\t\t\t<\/div>\n\t\t<\/section>\n\t\t\t\t\t<\/div>\n\t\t<\/div>\n\t\t\t\t\t<\/div>\n\t\t<\/section>\n\t\t\t\t<section class=\"elementor-section elementor-top-section elementor-element elementor-element-ee7cfa7 elementor-section-boxed elementor-section-height-default elementor-section-height-default exad-glass-effect-no exad-sticky-section-no\" data-id=\"ee7cfa7\" data-element_type=\"section\" data-e-type=\"section\">\n\t\t\t\t\t\t<div class=\"elementor-container elementor-column-gap-default\">\n\t\t\t\t\t<div class=\"elementor-column elementor-col-50 elementor-top-column elementor-element elementor-element-d1f9b2b exad-glass-effect-no exad-sticky-section-no\" data-id=\"d1f9b2b\" data-element_type=\"column\" data-e-type=\"column\">\n\t\t\t<div class=\"elementor-widget-wrap elementor-element-populated\">\n\t\t\t\t\t\t<div class=\"elementor-element elementor-element-c1b9b5f exad-sticky-section-no exad-glass-effect-no elementor-widget elementor-widget-text-editor\" data-id=\"c1b9b5f\" data-element_type=\"widget\" data-e-type=\"widget\" data-widget_type=\"text-editor.default\">\n\t\t\t\t<div class=\"elementor-widget-container\">\n\t\t\t\t\t\t\t\t\t<p><!-- wp:paragraph {\"align\":\"justify\"} --><!-- \/wp:paragraph --><!-- wp:heading --><!-- \/wp:list --><!-- wp:heading --><\/p><h3>La direction g\u00e9n\u00e9rale<\/h3><p><!-- \/wp:heading --><!-- wp:paragraph --><\/p><p>Elle est plac\u00e9e sous l\u2019autorit\u00e9 d\u2019un directeur g\u00e9n\u00e9ral assist\u00e9 d\u2019un directeur g\u00e9n\u00e9ral-adjoint. Ils sont charg\u00e9s de l&rsquo;application de la politique g\u00e9n\u00e9rale et de la gestion de l&rsquo;Institut, sous le contr\u00f4le du conseil d&rsquo;administration.<\/p><p><!-- \/wp:paragraph --><!-- wp:paragraph --><\/p><p>A ce titre, il est charg\u00e9 notamment:<\/p><p><!-- \/wp:paragraph --><!-- wp:list --><\/p><ul><li>d&rsquo;assurer la direction _technique, administrative et financi\u00e8re de l&rsquo;Institut ;<\/li><li>de pr\u00e9parer le projet de budget et de performance, de produire le compte administratif, ainsi que le rapport annuel de performance ;<\/li><li>de pr\u00e9parer les r\u00e9solutions du conseil d&rsquo;administration, d&rsquo;assister avec voix consultative \u00e0 ses r\u00e9unions et d&rsquo;ex\u00e9cuter des d\u00e9cisions;<\/li><li>de proposer un plan de recrutement du personnel au conseil d&rsquo;administration\u00a0;<\/li><li>de recruter le personnel, conform\u00e9ment au plan de recrutement approuv\u00e9 par le conseil d&rsquo;administration ;<\/li><li>de noter et de licencier le personnel, sous r\u00e9serve des comp\u00e9tences d\u00e9volues au conseil d&rsquo;administration ;<\/li><li>de recruter et de licencier le personnel temporaire, occasionnel et saisonnier selon les n\u00e9cessit\u00e9s de service, conform\u00e9ment \u00e0 la r\u00e8glementation en vigueur ;<\/li><li>de g\u00e9rer les biens meubles, immeubles, corporels et incorporels de l&rsquo;Institut dans le respect de son objet social et des pouvoirs du conseil d&rsquo;administration ;<\/li><li>de soumettre \u00e0 l&rsquo;adoption du conseil d&rsquo;administration, les projets de plan d&rsquo;organisation de l&rsquo;Institut, de r\u00e8glement int\u00e9rieur, des statuts du personnel, de la grille des r\u00e9mun\u00e9rations et avantages du personnel.<\/li><\/ul><p><!-- \/wp:list --><!-- wp:paragraph {\"align\":\"center\"} --><\/p><div class=\"wp-block-buttons is-content-justification-center\"><!-- \/wp:button --><\/div><p><!-- \/wp:buttons --><\/p>\t\t\t\t\t\t\t\t<\/div>\n\t\t\t\t<\/div>\n\t\t\t\t\t<\/div>\n\t\t<\/div>\n\t\t\t\t<div class=\"elementor-column elementor-col-50 elementor-top-column elementor-element elementor-element-7ca6e4d exad-glass-effect-no exad-sticky-section-no\" data-id=\"7ca6e4d\" data-element_type=\"column\" data-e-type=\"column\">\n\t\t\t<div class=\"elementor-widget-wrap elementor-element-populated\">\n\t\t\t\t\t\t<div class=\"elementor-element elementor-element-2a35772 elementor-position-top exad-sticky-section-no exad-glass-effect-no elementor-widget elementor-widget-image-box\" data-id=\"2a35772\" data-element_type=\"widget\" data-e-type=\"widget\" data-widget_type=\"image-box.default\">\n\t\t\t\t<div class=\"elementor-widget-container\">\n\t\t\t\t\t<div class=\"elementor-image-box-wrapper\"><figure class=\"elementor-image-box-img\"><img decoding=\"async\" width=\"624\" height=\"604\" src=\"https:\/\/impm-cm.org\/wp-content\/uploads\/2021\/07\/PR-ESSAME-OYONO-DG-IMPM-624x604-1.png\" class=\"attachment-full size-full wp-image-143\" alt=\"\" srcset=\"https:\/\/impm-cm.org\/wp-content\/uploads\/2021\/07\/PR-ESSAME-OYONO-DG-IMPM-624x604-1.png 624w, https:\/\/impm-cm.org\/wp-content\/uploads\/2021\/07\/PR-ESSAME-OYONO-DG-IMPM-624x604-1-300x290.png 300w\" sizes=\"(max-width: 624px) 100vw, 624px\" \/><\/figure><div class=\"elementor-image-box-content\"><h6 class=\"elementor-image-box-title\">Pr. Jean-Louis ESSAME OYONO<\/h6><p class=\"elementor-image-box-description\">Directeur g\u00e9n\u00e9ral de l'IMPM<\/p><\/div><\/div>\t\t\t\t<\/div>\n\t\t\t\t<\/div>\n\t\t\t\t<div class=\"elementor-element elementor-element-68b3e87 elementor-position-top exad-sticky-section-no exad-glass-effect-no elementor-widget elementor-widget-image-box\" data-id=\"68b3e87\" data-element_type=\"widget\" data-e-type=\"widget\" data-widget_type=\"image-box.default\">\n\t\t\t\t<div class=\"elementor-widget-container\">\n\t\t\t\t\t<div class=\"elementor-image-box-wrapper\"><figure class=\"elementor-image-box-img\"><img decoding=\"async\" width=\"233\" height=\"300\" src=\"https:\/\/impm-cm.org\/wp-content\/uploads\/2021\/07\/DR-AGBOR-EGBE-DGA-IMPM-233x300-1.png\" class=\"attachment-full size-full wp-image-141\" alt=\"\" \/><\/figure><div class=\"elementor-image-box-content\"><h6 class=\"elementor-image-box-title\">Dr Tom AGBOR EGBE<\/h6><p class=\"elementor-image-box-description\">Directeur g\u00e9n\u00e9ral-adjoint de l'IMPM<\/p><\/div><\/div>\t\t\t\t<\/div>\n\t\t\t\t<\/div>\n\t\t\t\t\t<\/div>\n\t\t<\/div>\n\t\t\t\t\t<\/div>\n\t\t<\/section>\n\t\t\t\t<\/div>\n\t\t","protected":false},"excerpt":{"rendered":"<p>Les organes de gestion Aux termes de l\u2019article 7 du d\u00e9cret n\u00b02019\/686 du 26 d\u00e9cembre 2019 portant r\u00e9organisation et fonctionnement de l\u2019Institut de recherches m\u00e9dicales et d\u2019\u00e9tudes des plantes m\u00e9dicinales, les organes de gestion de l\u2019IMPM sont\u00a0: le conseil d\u2019administration et la direction g\u00e9n\u00e9rale. Le conseil d\u2019administrationIl comprend douze (12) membres dont\u00a0:un (01) pr\u00e9sident, personnalit\u00e9&#8230;<\/p>\n","protected":false},"author":1,"featured_media":0,"parent":1227,"menu_order":2,"comment_status":"closed","ping_status":"closed","template":"","meta":{"_uag_custom_page_level_css":"","_kadence_starter_templates_imported_post":false,"_kad_post_transparent":"","_kad_post_title":"","_kad_post_layout":"","_kad_post_sidebar_id":"","_kad_post_content_style":"","_kad_post_vertical_padding":"","_kad_post_feature":"","_kad_post_feature_position":"","_kad_post_header":false,"_kad_post_footer":false,"_kad_post_classname":"","footnotes":""},"class_list":["post-994","page","type-page","status-publish","hentry"],"yoast_head":"<!-- This site is optimized with the Yoast SEO plugin v27.5 - https:\/\/yoast.com\/product\/yoast-seo-wordpress\/ -->\n<title>Organes de gestion - IMPM<\/title>\n<meta name=\"robots\" content=\"index, follow, max-snippet:-1, max-image-preview:large, max-video-preview:-1\" \/>\n<link rel=\"canonical\" href=\"https:\/\/impm-cm.org\/index.php\/a-propos\/organes-de-gestion-de-limpm\/\" \/>\n<meta property=\"og:locale\" content=\"fr_FR\" \/>\n<meta property=\"og:type\" content=\"article\" \/>\n<meta property=\"og:title\" content=\"Organes de gestion - IMPM\" \/>\n<meta property=\"og:description\" content=\"Les organes de gestion Aux termes de l\u2019article 7 du d\u00e9cret n\u00b02019\/686 du 26 d\u00e9cembre 2019 portant r\u00e9organisation et fonctionnement de l\u2019Institut de recherches m\u00e9dicales et d\u2019\u00e9tudes des plantes m\u00e9dicinales, les organes de gestion de l\u2019IMPM sont\u00a0: le conseil d\u2019administration et la direction g\u00e9n\u00e9rale. Le conseil d\u2019administration Il comprend douze (12) membres dont\u00a0: un (01)...\" \/>\n<meta property=\"og:url\" content=\"https:\/\/impm-cm.org\/index.php\/a-propos\/organes-de-gestion-de-limpm\/\" \/>\n<meta property=\"og:site_name\" content=\"IMPM\" \/>\n<meta property=\"article:modified_time\" content=\"2021-08-28T16:44:36+00:00\" \/>\n<meta property=\"og:image\" content=\"https:\/\/impm-cm.org\/wp-content\/uploads\/2021\/07\/Pr_Rose_GANA_LEKE_FOMBAN_PCA-IMPM.jpg\" \/>\n<meta name=\"twitter:card\" content=\"summary_large_image\" \/>\n<meta name=\"twitter:label1\" content=\"Dur\u00e9e de lecture estim\u00e9e\" \/>\n\t<meta name=\"twitter:data1\" content=\"3 minutes\" \/>\n<script type=\"application\/ld+json\" class=\"yoast-schema-graph\">{\"@context\":\"https:\\\/\\\/schema.org\",\"@graph\":[{\"@type\":\"WebPage\",\"@id\":\"https:\\\/\\\/impm-cm.org\\\/index.php\\\/a-propos\\\/organes-de-gestion-de-limpm\\\/\",\"url\":\"https:\\\/\\\/impm-cm.org\\\/index.php\\\/a-propos\\\/organes-de-gestion-de-limpm\\\/\",\"name\":\"Organes de gestion - IMPM\",\"isPartOf\":{\"@id\":\"https:\\\/\\\/impm-cm.org\\\/#website\"},\"primaryImageOfPage\":{\"@id\":\"https:\\\/\\\/impm-cm.org\\\/index.php\\\/a-propos\\\/organes-de-gestion-de-limpm\\\/#primaryimage\"},\"image\":{\"@id\":\"https:\\\/\\\/impm-cm.org\\\/index.php\\\/a-propos\\\/organes-de-gestion-de-limpm\\\/#primaryimage\"},\"thumbnailUrl\":\"https:\\\/\\\/impm-cm.org\\\/wp-content\\\/uploads\\\/2021\\\/07\\\/Pr_Rose_GANA_LEKE_FOMBAN_PCA-IMPM.jpg\",\"datePublished\":\"2021-07-24T13:58:42+00:00\",\"dateModified\":\"2021-08-28T16:44:36+00:00\",\"breadcrumb\":{\"@id\":\"https:\\\/\\\/impm-cm.org\\\/index.php\\\/a-propos\\\/organes-de-gestion-de-limpm\\\/#breadcrumb\"},\"inLanguage\":\"fr-FR\",\"potentialAction\":[{\"@type\":\"ReadAction\",\"target\":[\"https:\\\/\\\/impm-cm.org\\\/index.php\\\/a-propos\\\/organes-de-gestion-de-limpm\\\/\"]}]},{\"@type\":\"ImageObject\",\"inLanguage\":\"fr-FR\",\"@id\":\"https:\\\/\\\/impm-cm.org\\\/index.php\\\/a-propos\\\/organes-de-gestion-de-limpm\\\/#primaryimage\",\"url\":\"https:\\\/\\\/impm-cm.org\\\/wp-content\\\/uploads\\\/2021\\\/07\\\/Pr_Rose_GANA_LEKE_FOMBAN_PCA-IMPM.jpg\",\"contentUrl\":\"https:\\\/\\\/impm-cm.org\\\/wp-content\\\/uploads\\\/2021\\\/07\\\/Pr_Rose_GANA_LEKE_FOMBAN_PCA-IMPM.jpg\",\"width\":600,\"height\":625,\"caption\":\"Pr. Rose GANA FOMBAN \u00e9pse LEKE, PCA IMPM\"},{\"@type\":\"BreadcrumbList\",\"@id\":\"https:\\\/\\\/impm-cm.org\\\/index.php\\\/a-propos\\\/organes-de-gestion-de-limpm\\\/#breadcrumb\",\"itemListElement\":[{\"@type\":\"ListItem\",\"position\":1,\"name\":\"Accueil\",\"item\":\"https:\\\/\\\/impm-cm.org\\\/\"},{\"@type\":\"ListItem\",\"position\":2,\"name\":\"A propos\",\"item\":\"https:\\\/\\\/impm-cm.org\\\/index.php\\\/a-propos\\\/\"},{\"@type\":\"ListItem\",\"position\":3,\"name\":\"Organes de gestion\"}]},{\"@type\":\"WebSite\",\"@id\":\"https:\\\/\\\/impm-cm.org\\\/#website\",\"url\":\"https:\\\/\\\/impm-cm.org\\\/\",\"name\":\"IMPM\",\"description\":\"INSTITUT DE RECHERCHES MEDICALES ET D&#039;ETUDES DES PLANTES MEDICINALES\",\"publisher\":{\"@id\":\"https:\\\/\\\/impm-cm.org\\\/#organization\"},\"potentialAction\":[{\"@type\":\"SearchAction\",\"target\":{\"@type\":\"EntryPoint\",\"urlTemplate\":\"https:\\\/\\\/impm-cm.org\\\/?s={search_term_string}\"},\"query-input\":{\"@type\":\"PropertyValueSpecification\",\"valueRequired\":true,\"valueName\":\"search_term_string\"}}],\"inLanguage\":\"fr-FR\"},{\"@type\":\"Organization\",\"@id\":\"https:\\\/\\\/impm-cm.org\\\/#organization\",\"name\":\"IMPM\",\"url\":\"https:\\\/\\\/impm-cm.org\\\/\",\"logo\":{\"@type\":\"ImageObject\",\"inLanguage\":\"fr-FR\",\"@id\":\"https:\\\/\\\/impm-cm.org\\\/#\\\/schema\\\/logo\\\/image\\\/\",\"url\":\"https:\\\/\\\/impm-cm.org\\\/wp-content\\\/uploads\\\/2021\\\/07\\\/IMPM_logo_90x98px.png\",\"contentUrl\":\"https:\\\/\\\/impm-cm.org\\\/wp-content\\\/uploads\\\/2021\\\/07\\\/IMPM_logo_90x98px.png\",\"width\":90,\"height\":98,\"caption\":\"IMPM\"},\"image\":{\"@id\":\"https:\\\/\\\/impm-cm.org\\\/#\\\/schema\\\/logo\\\/image\\\/\"}}]}<\/script>\n<!-- \/ Yoast SEO plugin. -->","yoast_head_json":{"title":"Organes de gestion - IMPM","robots":{"index":"index","follow":"follow","max-snippet":"max-snippet:-1","max-image-preview":"max-image-preview:large","max-video-preview":"max-video-preview:-1"},"canonical":"https:\/\/impm-cm.org\/index.php\/a-propos\/organes-de-gestion-de-limpm\/","og_locale":"fr_FR","og_type":"article","og_title":"Organes de gestion - IMPM","og_description":"Les organes de gestion Aux termes de l\u2019article 7 du d\u00e9cret n\u00b02019\/686 du 26 d\u00e9cembre 2019 portant r\u00e9organisation et fonctionnement de l\u2019Institut de recherches m\u00e9dicales et d\u2019\u00e9tudes des plantes m\u00e9dicinales, les organes de gestion de l\u2019IMPM sont\u00a0: le conseil d\u2019administration et la direction g\u00e9n\u00e9rale. Le conseil d\u2019administration Il comprend douze (12) membres dont\u00a0: un (01)...","og_url":"https:\/\/impm-cm.org\/index.php\/a-propos\/organes-de-gestion-de-limpm\/","og_site_name":"IMPM","article_modified_time":"2021-08-28T16:44:36+00:00","og_image":[{"url":"https:\/\/impm-cm.org\/wp-content\/uploads\/2021\/07\/Pr_Rose_GANA_LEKE_FOMBAN_PCA-IMPM.jpg","type":"","width":"","height":""}],"twitter_card":"summary_large_image","twitter_misc":{"Dur\u00e9e de lecture estim\u00e9e":"3 minutes"},"schema":{"@context":"https:\/\/schema.org","@graph":[{"@type":"WebPage","@id":"https:\/\/impm-cm.org\/index.php\/a-propos\/organes-de-gestion-de-limpm\/","url":"https:\/\/impm-cm.org\/index.php\/a-propos\/organes-de-gestion-de-limpm\/","name":"Organes de gestion - IMPM","isPartOf":{"@id":"https:\/\/impm-cm.org\/#website"},"primaryImageOfPage":{"@id":"https:\/\/impm-cm.org\/index.php\/a-propos\/organes-de-gestion-de-limpm\/#primaryimage"},"image":{"@id":"https:\/\/impm-cm.org\/index.php\/a-propos\/organes-de-gestion-de-limpm\/#primaryimage"},"thumbnailUrl":"https:\/\/impm-cm.org\/wp-content\/uploads\/2021\/07\/Pr_Rose_GANA_LEKE_FOMBAN_PCA-IMPM.jpg","datePublished":"2021-07-24T13:58:42+00:00","dateModified":"2021-08-28T16:44:36+00:00","breadcrumb":{"@id":"https:\/\/impm-cm.org\/index.php\/a-propos\/organes-de-gestion-de-limpm\/#breadcrumb"},"inLanguage":"fr-FR","potentialAction":[{"@type":"ReadAction","target":["https:\/\/impm-cm.org\/index.php\/a-propos\/organes-de-gestion-de-limpm\/"]}]},{"@type":"ImageObject","inLanguage":"fr-FR","@id":"https:\/\/impm-cm.org\/index.php\/a-propos\/organes-de-gestion-de-limpm\/#primaryimage","url":"https:\/\/impm-cm.org\/wp-content\/uploads\/2021\/07\/Pr_Rose_GANA_LEKE_FOMBAN_PCA-IMPM.jpg","contentUrl":"https:\/\/impm-cm.org\/wp-content\/uploads\/2021\/07\/Pr_Rose_GANA_LEKE_FOMBAN_PCA-IMPM.jpg","width":600,"height":625,"caption":"Pr. Rose GANA FOMBAN \u00e9pse LEKE, PCA IMPM"},{"@type":"BreadcrumbList","@id":"https:\/\/impm-cm.org\/index.php\/a-propos\/organes-de-gestion-de-limpm\/#breadcrumb","itemListElement":[{"@type":"ListItem","position":1,"name":"Accueil","item":"https:\/\/impm-cm.org\/"},{"@type":"ListItem","position":2,"name":"A propos","item":"https:\/\/impm-cm.org\/index.php\/a-propos\/"},{"@type":"ListItem","position":3,"name":"Organes de gestion"}]},{"@type":"WebSite","@id":"https:\/\/impm-cm.org\/#website","url":"https:\/\/impm-cm.org\/","name":"IMPM","description":"INSTITUT DE RECHERCHES MEDICALES ET D&#039;ETUDES DES PLANTES MEDICINALES","publisher":{"@id":"https:\/\/impm-cm.org\/#organization"},"potentialAction":[{"@type":"SearchAction","target":{"@type":"EntryPoint","urlTemplate":"https:\/\/impm-cm.org\/?s={search_term_string}"},"query-input":{"@type":"PropertyValueSpecification","valueRequired":true,"valueName":"search_term_string"}}],"inLanguage":"fr-FR"},{"@type":"Organization","@id":"https:\/\/impm-cm.org\/#organization","name":"IMPM","url":"https:\/\/impm-cm.org\/","logo":{"@type":"ImageObject","inLanguage":"fr-FR","@id":"https:\/\/impm-cm.org\/#\/schema\/logo\/image\/","url":"https:\/\/impm-cm.org\/wp-content\/uploads\/2021\/07\/IMPM_logo_90x98px.png","contentUrl":"https:\/\/impm-cm.org\/wp-content\/uploads\/2021\/07\/IMPM_logo_90x98px.png","width":90,"height":98,"caption":"IMPM"},"image":{"@id":"https:\/\/impm-cm.org\/#\/schema\/logo\/image\/"}}]}},"uagb_featured_image_src":{"full":false,"thumbnail":false,"medium":false,"medium_large":false,"large":false,"1536x1536":false,"2048x2048":false,"mailpoet_newsletter_max":false},"uagb_author_info":{"display_name":"admin","author_link":"https:\/\/impm-cm.org\/index.php\/author\/meula\/"},"uagb_comment_info":0,"uagb_excerpt":"Les organes de gestion Aux termes de l\u2019article 7 du d\u00e9cret n\u00b02019\/686 du 26 d\u00e9cembre 2019 portant r\u00e9organisation et fonctionnement de l\u2019Institut de recherches m\u00e9dicales et d\u2019\u00e9tudes des plantes m\u00e9dicinales, les organes de gestion de l\u2019IMPM sont\u00a0: le conseil d\u2019administration et la direction g\u00e9n\u00e9rale. Le conseil d\u2019administration Il comprend douze (12) membres dont\u00a0: un (01)...","jetpack_sharing_enabled":true,"_links":{"self":[{"href":"https:\/\/impm-cm.org\/index.php\/wp-json\/wp\/v2\/pages\/994","targetHints":{"allow":["GET"]}}],"collection":[{"href":"https:\/\/impm-cm.org\/index.php\/wp-json\/wp\/v2\/pages"}],"about":[{"href":"https:\/\/impm-cm.org\/index.php\/wp-json\/wp\/v2\/types\/page"}],"author":[{"embeddable":true,"href":"https:\/\/impm-cm.org\/index.php\/wp-json\/wp\/v2\/users\/1"}],"replies":[{"embeddable":true,"href":"https:\/\/impm-cm.org\/index.php\/wp-json\/wp\/v2\/comments?post=994"}],"version-history":[{"count":0,"href":"https:\/\/impm-cm.org\/index.php\/wp-json\/wp\/v2\/pages\/994\/revisions"}],"up":[{"embeddable":true,"href":"https:\/\/impm-cm.org\/index.php\/wp-json\/wp\/v2\/pages\/1227"}],"wp:attachment":[{"href":"https:\/\/impm-cm.org\/index.php\/wp-json\/wp\/v2\/media?parent=994"}],"curies":[{"name":"wp","href":"https:\/\/api.w.org\/{rel}","templated":true}]}}